{"id":3218,"date":"2015-09-15T23:48:58","date_gmt":"2015-09-15T21:48:58","guid":{"rendered":"http:\/\/apista.eu\/?post_type=tribe_events&#038;p=3218"},"modified":"2015-09-21T23:56:31","modified_gmt":"2015-09-21T21:56:31","slug":"cdt0-hipodrom-de-bascara-5a-prova-lliga-aceegi","status":"publish","type":"tribe_events","link":"https:\/\/apista.eu\/ca\/esdeveniments\/cdt0-hipodrom-de-bascara-5a-prova-lliga-aceegi\/","title":{"rendered":"CDT0* Hip\u00f2drom de B\u00e0scara- 5\u00aa Prova LLIGA ACEEGi + CDT1*"},"content":{"rendered":"<p>Les instal\u00b7lacions de l&#8217;Hip\u00f2drom de B\u00e0scara acullen la cinquena prova puntuable per la Lliga ACEEGi de Doma Cl\u00e0ssica. En aquesta ocasi\u00f3 tamb\u00e9 hi haur\u00e0 un CDT1* amb pista de 60 x 20 mts, una de les ultimes oportunitats per classificar pel Campionat de Catalunya de Doma Cl\u00e0ssica del pr\u00f3xim octubre. Tots dos concursos son puntuables pels r\u00e0nkings de les Lligues 0* i \u00a01* de la FCH.<br \/>\nHi haur\u00e0 algunes proves socials i les proves Zipi Ponis de la Lliga ACEEGi.<\/p>\n<p>&#8211; <a href=\"https:\/\/www.cbservicios.net\/CBRFHE\/PDF\/AVAFHT88481801806267070484336066096865334757036566940458582618899215382751961807362673481593316288467909278830350481884123795311334328.pdf\" target=\"_blank\">Avan\u00e7 programa CDT0*<\/a><br \/>\n&#8211; <a href=\"https:\/\/www.cbservicios.net\/CBRFHE\/PDF\/AVAFHT77995806540292048649266894551227263621081546460396133829270631356823420122360591694098521413103596467241247293116881767218276295.pdf\" target=\"_blank\">Avan\u00e7 Programa CDT1*<\/a><a href=\"https:\/\/www.cbservicios.net\/Magic94Scripts\/Mgrqispi94.dll?APPNAME=CBRFHE&amp;PRGNAME=FHTCONLISINS&amp;ARGUMENTS=-A88481801806267070484336066096865334757036566940458582618899215382751961807362673481593316288467909278830350481884123795311334328\" target=\"_blank\"><br \/>\n&#8211;<\/a> <a href=\"http:\/\/apista.eu\/wp-content\/uploads\/2015\/09\/Horari-Provisional-Proves1.pdf\" target=\"_blank\">Horari Provisional Proves<\/a><a href=\"http:\/\/apista.eu\/wp-content\/uploads\/2015\/09\/Horari-Provisional-Proves.pdf\" target=\"_blank\"><br \/>\n&#8211;<\/a> <a href=\"http:\/\/apista.eu\/wp-content\/uploads\/2015\/09\/ORDRE-DE-SORTIDA1.pdf\" target=\"_blank\">ORDRE DE SORTIDA<br \/>\n&#8211;<\/a> <a href=\"http:\/\/apista.eu\/wp-content\/uploads\/2015\/09\/Resultats-CDT0-Hip\u00f2drom-de-B\u00e0scara.pdf\" target=\"_blank\">Resultats CDT0 Hip\u00f2drom de B\u00e0scara<\/a><br \/>\n&#8211; <a href=\"http:\/\/apista.eu\/wp-content\/uploads\/2015\/09\/Resultats-CDT1-Hipodrom-de-B\u00e0scara.pdf\" target=\"_blank\">Resultats CDT1 Hipodrom de B\u00e0scara<\/a><br \/>\n&#8211; <a href=\"http:\/\/apista.eu\/wp-content\/uploads\/2015\/09\/Resultats-ACEEGi-Hip\u00f2drom-de-B\u00e0scara.pdf\" target=\"_blank\">Resultats ACEEGi Hip\u00f2drom de B\u00e0scara<\/a><\/p>\n","protected":false},"excerpt":{"rendered":"<p>Les instal\u00b7lacions de l&#8217;Hip\u00f2drom de B\u00e0scara acullen la cinquena prova puntuable per la Lliga ACEEGi de Doma Cl\u00e0ssica. En aquesta ocasi\u00f3 tamb\u00e9 hi haur\u00e0 un CDT1* amb pista de 60 [&hellip;]<\/p>\n","protected":false},"author":3,"featured_media":2975,"template":"","meta":{"_monsterinsights_skip_tracking":false,"_monsterinsights_sitenote_active":false,"_monsterinsights_sitenote_note":"","_monsterinsights_sitenote_category":0,"ngg_post_thumbnail":0,"_tribe_events_status":"","_tribe_events_status_reason":"","footnotes":""},"tags":[],"tribe_events_cat":[],"class_list":["post-3218","tribe_events","type-tribe_events","status-publish","has-post-thumbnail","hentry"],"yoast_head":"<!-- This site is optimized with the Yoast SEO plugin v27.5 - https:\/\/yoast.com\/product\/yoast-seo-wordpress\/ -->\n<title>CDT0* Hip\u00f2drom de B\u00e0scara- 5\u00aa Prova LLIGA ACEEGi + CDT1* - Apista<\/title>\n<meta name=\"robots\" content=\"index, follow, max-snippet:-1, max-image-preview:large, max-video-preview:-1\" \/>\n<link rel=\"canonical\" href=\"https:\/\/apista.eu\/ca\/esdeveniments\/cdt0-hipodrom-de-bascara-5a-prova-lliga-aceegi\/\" \/>\n<meta property=\"og:locale\" content=\"ca_ES\" \/>\n<meta property=\"og:type\" content=\"article\" \/>\n<meta property=\"og:title\" content=\"CDT0* Hip\u00f2drom de B\u00e0scara- 5\u00aa Prova LLIGA ACEEGi + CDT1* - Apista\" \/>\n<meta property=\"og:description\" content=\"Les instal\u00b7lacions de l&#8217;Hip\u00f2drom de B\u00e0scara acullen la cinquena prova puntuable per la Lliga ACEEGi de Doma Cl\u00e0ssica. En aquesta ocasi\u00f3 tamb\u00e9 hi haur\u00e0 un CDT1* amb pista de 60 [&hellip;]\" \/>\n<meta property=\"og:url\" content=\"https:\/\/apista.eu\/ca\/esdeveniments\/cdt0-hipodrom-de-bascara-5a-prova-lliga-aceegi\/\" \/>\n<meta property=\"og:site_name\" content=\"Apista\" \/>\n<meta property=\"article:publisher\" content=\"https:\/\/www.facebook.com\/apista\" \/>\n<meta property=\"article:modified_time\" content=\"2015-09-21T21:56:31+00:00\" \/>\n<meta property=\"og:image\" content=\"https:\/\/apista.eu\/wp-content\/uploads\/2015\/07\/C70A3985-2-e1437591280943.jpg\" \/>\n\t<meta property=\"og:image:width\" content=\"1936\" \/>\n\t<meta property=\"og:image:height\" content=\"962\" \/>\n\t<meta property=\"og:image:type\" content=\"image\/jpeg\" \/>\n<meta name=\"twitter:label1\" content=\"Temps estimat de lectura\" \/>\n\t<meta name=\"twitter:data1\" content=\"1 minut\" \/>\n<script type=\"application\/ld+json\" class=\"yoast-schema-graph\">{\"@context\":\"https:\\\/\\\/schema.org\",\"@graph\":[{\"@type\":\"WebPage\",\"@id\":\"https:\\\/\\\/apista.eu\\\/ca\\\/esdeveniments\\\/cdt0-hipodrom-de-bascara-5a-prova-lliga-aceegi\\\/\",\"url\":\"https:\\\/\\\/apista.eu\\\/ca\\\/esdeveniments\\\/cdt0-hipodrom-de-bascara-5a-prova-lliga-aceegi\\\/\",\"name\":\"CDT0* Hip\u00f2drom de B\u00e0scara- 5\u00aa Prova LLIGA ACEEGi + CDT1* - Apista\",\"isPartOf\":{\"@id\":\"https:\\\/\\\/apista.eu\\\/#website\"},\"primaryImageOfPage\":{\"@id\":\"https:\\\/\\\/apista.eu\\\/ca\\\/esdeveniments\\\/cdt0-hipodrom-de-bascara-5a-prova-lliga-aceegi\\\/#primaryimage\"},\"image\":{\"@id\":\"https:\\\/\\\/apista.eu\\\/ca\\\/esdeveniments\\\/cdt0-hipodrom-de-bascara-5a-prova-lliga-aceegi\\\/#primaryimage\"},\"thumbnailUrl\":\"https:\\\/\\\/apista.eu\\\/wp-content\\\/uploads\\\/2015\\\/07\\\/C70A3985-2-e1437591280943.jpg\",\"datePublished\":\"2015-09-15T21:48:58+00:00\",\"dateModified\":\"2015-09-21T21:56:31+00:00\",\"breadcrumb\":{\"@id\":\"https:\\\/\\\/apista.eu\\\/ca\\\/esdeveniments\\\/cdt0-hipodrom-de-bascara-5a-prova-lliga-aceegi\\\/#breadcrumb\"},\"inLanguage\":\"ca\",\"potentialAction\":[{\"@type\":\"ReadAction\",\"target\":[\"https:\\\/\\\/apista.eu\\\/ca\\\/esdeveniments\\\/cdt0-hipodrom-de-bascara-5a-prova-lliga-aceegi\\\/\"]}]},{\"@type\":\"ImageObject\",\"inLanguage\":\"ca\",\"@id\":\"https:\\\/\\\/apista.eu\\\/ca\\\/esdeveniments\\\/cdt0-hipodrom-de-bascara-5a-prova-lliga-aceegi\\\/#primaryimage\",\"url\":\"https:\\\/\\\/apista.eu\\\/wp-content\\\/uploads\\\/2015\\\/07\\\/C70A3985-2-e1437591280943.jpg\",\"contentUrl\":\"https:\\\/\\\/apista.eu\\\/wp-content\\\/uploads\\\/2015\\\/07\\\/C70A3985-2-e1437591280943.jpg\",\"width\":1936,\"height\":962},{\"@type\":\"BreadcrumbList\",\"@id\":\"https:\\\/\\\/apista.eu\\\/ca\\\/esdeveniments\\\/cdt0-hipodrom-de-bascara-5a-prova-lliga-aceegi\\\/#breadcrumb\",\"itemListElement\":[{\"@type\":\"ListItem\",\"position\":1,\"name\":\"Portada\",\"item\":\"https:\\\/\\\/apista.eu\\\/\"},{\"@type\":\"ListItem\",\"position\":2,\"name\":\"Eventos\",\"item\":\"https:\\\/\\\/apista.eu\\\/events\\\/\"},{\"@type\":\"ListItem\",\"position\":3,\"name\":\"CDT0* Hip\u00f2drom de B\u00e0scara- 5\u00aa Prova LLIGA ACEEGi + CDT1*\"}]},{\"@type\":\"WebSite\",\"@id\":\"https:\\\/\\\/apista.eu\\\/#website\",\"url\":\"https:\\\/\\\/apista.eu\\\/\",\"name\":\"Apista\",\"description\":\"APISTA - Noticies i organitzaci\u00f3 de competicions d&#039;hipica.\",\"publisher\":{\"@id\":\"https:\\\/\\\/apista.eu\\\/#organization\"},\"potentialAction\":[{\"@type\":\"SearchAction\",\"target\":{\"@type\":\"EntryPoint\",\"urlTemplate\":\"https:\\\/\\\/apista.eu\\\/?s={search_term_string}\"},\"query-input\":{\"@type\":\"PropertyValueSpecification\",\"valueRequired\":true,\"valueName\":\"search_term_string\"}}],\"inLanguage\":\"ca\"},{\"@type\":\"Organization\",\"@id\":\"https:\\\/\\\/apista.eu\\\/#organization\",\"name\":\"Apista\",\"url\":\"https:\\\/\\\/apista.eu\\\/\",\"logo\":{\"@type\":\"ImageObject\",\"inLanguage\":\"ca\",\"@id\":\"https:\\\/\\\/apista.eu\\\/#\\\/schema\\\/logo\\\/image\\\/\",\"url\":\"https:\\\/\\\/apista.eu\\\/wp-content\\\/uploads\\\/2023\\\/01\\\/cropped-Apista-Logo-redondo-sin-fondo.png\",\"contentUrl\":\"https:\\\/\\\/apista.eu\\\/wp-content\\\/uploads\\\/2023\\\/01\\\/cropped-Apista-Logo-redondo-sin-fondo.png\",\"width\":512,\"height\":512,\"caption\":\"Apista\"},\"image\":{\"@id\":\"https:\\\/\\\/apista.eu\\\/#\\\/schema\\\/logo\\\/image\\\/\"},\"sameAs\":[\"https:\\\/\\\/www.facebook.com\\\/apista\",\"https:\\\/\\\/www.instagram.com\\\/appistahorse\"]}]}<\/script>\n<!-- \/ Yoast SEO plugin. -->","yoast_head_json":{"title":"CDT0* Hip\u00f2drom de B\u00e0scara- 5\u00aa Prova LLIGA ACEEGi + CDT1* - Apista","robots":{"index":"index","follow":"follow","max-snippet":"max-snippet:-1","max-image-preview":"max-image-preview:large","max-video-preview":"max-video-preview:-1"},"canonical":"https:\/\/apista.eu\/ca\/esdeveniments\/cdt0-hipodrom-de-bascara-5a-prova-lliga-aceegi\/","og_locale":"ca_ES","og_type":"article","og_title":"CDT0* Hip\u00f2drom de B\u00e0scara- 5\u00aa Prova LLIGA ACEEGi + CDT1* - Apista","og_description":"Les instal\u00b7lacions de l&#8217;Hip\u00f2drom de B\u00e0scara acullen la cinquena prova puntuable per la Lliga ACEEGi de Doma Cl\u00e0ssica. En aquesta ocasi\u00f3 tamb\u00e9 hi haur\u00e0 un CDT1* amb pista de 60 [&hellip;]","og_url":"https:\/\/apista.eu\/ca\/esdeveniments\/cdt0-hipodrom-de-bascara-5a-prova-lliga-aceegi\/","og_site_name":"Apista","article_publisher":"https:\/\/www.facebook.com\/apista","article_modified_time":"2015-09-21T21:56:31+00:00","og_image":[{"width":1936,"height":962,"url":"https:\/\/apista.eu\/wp-content\/uploads\/2015\/07\/C70A3985-2-e1437591280943.jpg","type":"image\/jpeg"}],"twitter_misc":{"Temps estimat de lectura":"1 minut"},"schema":{"@context":"https:\/\/schema.org","@graph":[{"@type":"WebPage","@id":"https:\/\/apista.eu\/ca\/esdeveniments\/cdt0-hipodrom-de-bascara-5a-prova-lliga-aceegi\/","url":"https:\/\/apista.eu\/ca\/esdeveniments\/cdt0-hipodrom-de-bascara-5a-prova-lliga-aceegi\/","name":"CDT0* Hip\u00f2drom de B\u00e0scara- 5\u00aa Prova LLIGA ACEEGi + CDT1* - Apista","isPartOf":{"@id":"https:\/\/apista.eu\/#website"},"primaryImageOfPage":{"@id":"https:\/\/apista.eu\/ca\/esdeveniments\/cdt0-hipodrom-de-bascara-5a-prova-lliga-aceegi\/#primaryimage"},"image":{"@id":"https:\/\/apista.eu\/ca\/esdeveniments\/cdt0-hipodrom-de-bascara-5a-prova-lliga-aceegi\/#primaryimage"},"thumbnailUrl":"https:\/\/apista.eu\/wp-content\/uploads\/2015\/07\/C70A3985-2-e1437591280943.jpg","datePublished":"2015-09-15T21:48:58+00:00","dateModified":"2015-09-21T21:56:31+00:00","breadcrumb":{"@id":"https:\/\/apista.eu\/ca\/esdeveniments\/cdt0-hipodrom-de-bascara-5a-prova-lliga-aceegi\/#breadcrumb"},"inLanguage":"ca","potentialAction":[{"@type":"ReadAction","target":["https:\/\/apista.eu\/ca\/esdeveniments\/cdt0-hipodrom-de-bascara-5a-prova-lliga-aceegi\/"]}]},{"@type":"ImageObject","inLanguage":"ca","@id":"https:\/\/apista.eu\/ca\/esdeveniments\/cdt0-hipodrom-de-bascara-5a-prova-lliga-aceegi\/#primaryimage","url":"https:\/\/apista.eu\/wp-content\/uploads\/2015\/07\/C70A3985-2-e1437591280943.jpg","contentUrl":"https:\/\/apista.eu\/wp-content\/uploads\/2015\/07\/C70A3985-2-e1437591280943.jpg","width":1936,"height":962},{"@type":"BreadcrumbList","@id":"https:\/\/apista.eu\/ca\/esdeveniments\/cdt0-hipodrom-de-bascara-5a-prova-lliga-aceegi\/#breadcrumb","itemListElement":[{"@type":"ListItem","position":1,"name":"Portada","item":"https:\/\/apista.eu\/"},{"@type":"ListItem","position":2,"name":"Eventos","item":"https:\/\/apista.eu\/events\/"},{"@type":"ListItem","position":3,"name":"CDT0* Hip\u00f2drom de B\u00e0scara- 5\u00aa Prova LLIGA ACEEGi + CDT1*"}]},{"@type":"WebSite","@id":"https:\/\/apista.eu\/#website","url":"https:\/\/apista.eu\/","name":"Apista","description":"APISTA - Noticies i organitzaci\u00f3 de competicions d&#039;hipica.","publisher":{"@id":"https:\/\/apista.eu\/#organization"},"potentialAction":[{"@type":"SearchAction","target":{"@type":"EntryPoint","urlTemplate":"https:\/\/apista.eu\/?s={search_term_string}"},"query-input":{"@type":"PropertyValueSpecification","valueRequired":true,"valueName":"search_term_string"}}],"inLanguage":"ca"},{"@type":"Organization","@id":"https:\/\/apista.eu\/#organization","name":"Apista","url":"https:\/\/apista.eu\/","logo":{"@type":"ImageObject","inLanguage":"ca","@id":"https:\/\/apista.eu\/#\/schema\/logo\/image\/","url":"https:\/\/apista.eu\/wp-content\/uploads\/2023\/01\/cropped-Apista-Logo-redondo-sin-fondo.png","contentUrl":"https:\/\/apista.eu\/wp-content\/uploads\/2023\/01\/cropped-Apista-Logo-redondo-sin-fondo.png","width":512,"height":512,"caption":"Apista"},"image":{"@id":"https:\/\/apista.eu\/#\/schema\/logo\/image\/"},"sameAs":["https:\/\/www.facebook.com\/apista","https:\/\/www.instagram.com\/appistahorse"]}]}},"_links":{"self":[{"href":"https:\/\/apista.eu\/ca\/wp-json\/wp\/v2\/tribe_events\/3218","targetHints":{"allow":["GET"]}}],"collection":[{"href":"https:\/\/apista.eu\/ca\/wp-json\/wp\/v2\/tribe_events"}],"about":[{"href":"https:\/\/apista.eu\/ca\/wp-json\/wp\/v2\/types\/tribe_events"}],"author":[{"embeddable":true,"href":"https:\/\/apista.eu\/ca\/wp-json\/wp\/v2\/users\/3"}],"version-history":[{"count":1,"href":"https:\/\/apista.eu\/ca\/wp-json\/wp\/v2\/tribe_events\/3218\/revisions"}],"predecessor-version":[{"id":3221,"href":"https:\/\/apista.eu\/ca\/wp-json\/wp\/v2\/tribe_events\/3218\/revisions\/3221"}],"wp:featuredmedia":[{"embeddable":true,"href":"https:\/\/apista.eu\/ca\/wp-json\/wp\/v2\/media\/2975"}],"wp:attachment":[{"href":"https:\/\/apista.eu\/ca\/wp-json\/wp\/v2\/media?parent=3218"}],"wp:term":[{"taxonomy":"post_tag","embeddable":true,"href":"https:\/\/apista.eu\/ca\/wp-json\/wp\/v2\/tags?post=3218"},{"taxonomy":"tribe_events_cat","embeddable":true,"href":"https:\/\/apista.eu\/ca\/wp-json\/wp\/v2\/tribe_events_cat?post=3218"}],"curies":[{"name":"wp","href":"https:\/\/api.w.org\/{rel}","templated":true}]}}